{"version":"1.0","provider_name":"Suriye Diyalog Merkezi","provider_url":"https:\/\/sydialogue.org\/tr\/","author_name":"\u0645\u0631\u0643\u0632 \u0627\u0644\u062d\u0648\u0627\u0631 \u0627\u0644\u0633\u0648\u0631\u064a","author_url":"#molongui-disabled-link","title":"\u201cAd\u0131ma Kar\u015f\u0131l\u0131k Ad\u0131m\u201d Yakla\u015f\u0131m\u0131n\u0131n \u00d6zellikleri - Suriye Diyalog Merkezi","type":"rich","width":600,"height":338,"html":"<blockquote class=\"wp-embedded-content\" data-secret=\"XMcCX24K4F\"><a href=\"https:\/\/sydialogue.org\/tr\/adima-karsilik-adim-yaklasiminin-ozellikleri\/\">\u201cAd\u0131ma Kar\u015f\u0131l\u0131k Ad\u0131m\u201d Yakla\u015f\u0131m\u0131n\u0131n \u00d6zellikleri<\/a><\/blockquote><iframe sandbox=\"allow-scripts\" security=\"restricted\" src=\"https:\/\/sydialogue.org\/tr\/adima-karsilik-adim-yaklasiminin-ozellikleri\/embed\/#?secret=XMcCX24K4F\" width=\"600\" height=\"338\" title=\"&#8220;\u201cAd\u0131ma Kar\u015f\u0131l\u0131k Ad\u0131m\u201d Yakla\u015f\u0131m\u0131n\u0131n \u00d6zellikleri&#8221; &#8212; Suriye Diyalog Merkezi\" data-secret=\"XMcCX24K4F\" frameborder=\"0\" marginwidth=\"0\" marginheight=\"0\" scrolling=\"no\" class=\"wp-embedded-content\"><\/iframe><script type=\"text\/javascript\">\n\/* <![CDATA[ *\/\n\/*! This file is auto-generated *\/\n!function(d,l){\"use strict\";l.querySelector&&d.addEventListener&&\"undefined\"!=typeof URL&&(d.wp=d.wp||{},d.wp.receiveEmbedMessage||(d.wp.receiveEmbedMessage=function(e){var t=e.data;if((t||t.secret||t.message||t.value)&&!\/[^a-zA-Z0-9]\/.test(t.secret)){for(var s,r,n,a=l.querySelectorAll('iframe[data-secret=\"'+t.secret+'\"]'),o=l.querySelectorAll('blockquote[data-secret=\"'+t.secret+'\"]'),c=new RegExp(\"^https?:$\",\"i\"),i=0;i<o.length;i++)o[i].style.display=\"none\";for(i=0;i<a.length;i++)s=a[i],e.source===s.contentWindow&&(s.removeAttribute(\"style\"),\"height\"===t.message?(1e3<(r=parseInt(t.value,10))?r=1e3:~~r<200&&(r=200),s.height=r):\"link\"===t.message&&(r=new URL(s.getAttribute(\"src\")),n=new URL(t.value),c.test(n.protocol))&&n.host===r.host&&l.activeElement===s&&(d.top.location.href=t.value))}},d.addEventListener(\"message\",d.wp.receiveEmbedMessage,!1),l.addEventListener(\"DOMContentLoaded\",function(){for(var e,t,s=l.querySelectorAll(\"iframe.wp-embedded-content\"),r=0;r<s.length;r++)(t=(e=s[r]).getAttribute(\"data-secret\"))||(t=Math.random().toString(36).substring(2,12),e.src+=\"#?secret=\"+t,e.setAttribute(\"data-secret\",t)),e.contentWindow.postMessage({message:\"ready\",secret:t},\"*\")},!1)))}(window,document);\n\/* ]]> *\/\n<\/script>\n","thumbnail_url":"https:\/\/sydialogue.org\/wp-content\/uploads\/2023\/04\/Tr056.jpg","thumbnail_width":2308,"thumbnail_height":1159,"description":"Bu makale, uluslararas\u0131 el\u00e7i Pedersen'in savundu\u011fu yakla\u015f\u0131m\u0131n \u00f6zelliklerini ve bunun siyasi \u00e7\u00f6z\u00fcme sevk edici bir ad\u0131m m\u0131 yoksa BM kararlar\u0131n\u0131 ve siyasi ge\u00e7i\u015fi atlayarak insani ve g\u00fcvenlik konular\u0131na Rusya'n\u0131n vizyonuna g\u00f6re odaklanma manevras\u0131 m\u0131 oldu\u011funu ara\u015ft\u0131r\u0131yor."}