{"version":"1.0","provider_name":"Suriye Diyalog Merkezi","provider_url":"https:\/\/sydialogue.org\/tr\/","author_name":"\u0645\u0631\u0643\u0632 \u0627\u0644\u062d\u0648\u0627\u0631 \u0627\u0644\u0633\u0648\u0631\u064a","author_url":"#molongui-disabled-link","title":"Anayasa Komisyonunun Kaderi: Ba\u015far\u0131s\u0131zl\u0131k Siyasi Giri\u015fimin Nedeni mi? - Suriye Diyalog Merkezi","type":"rich","width":600,"height":338,"html":"<blockquote class=\"wp-embedded-content\" data-secret=\"sLdT5caNQ3\"><a href=\"https:\/\/sydialogue.org\/tr\/anayasa-komisyonunun-kaderi-basarisizlik-siyasi-girisimin-nedeni-mi\/\">Anayasa Komisyonunun Kaderi: Ba\u015far\u0131s\u0131zl\u0131k Siyasi Giri\u015fimin Nedeni mi?<\/a><\/blockquote><iframe sandbox=\"allow-scripts\" security=\"restricted\" src=\"https:\/\/sydialogue.org\/tr\/anayasa-komisyonunun-kaderi-basarisizlik-siyasi-girisimin-nedeni-mi\/embed\/#?secret=sLdT5caNQ3\" width=\"600\" height=\"338\" title=\"&#8220;Anayasa Komisyonunun Kaderi: Ba\u015far\u0131s\u0131zl\u0131k Siyasi Giri\u015fimin Nedeni mi?&#8221; &#8212; Suriye Diyalog Merkezi\" data-secret=\"sLdT5caNQ3\" frameborder=\"0\" marginwidth=\"0\" marginheight=\"0\" scrolling=\"no\" class=\"wp-embedded-content\"><\/iframe><script type=\"text\/javascript\">\n\/* <![CDATA[ *\/\n\/*! This file is auto-generated *\/\n!function(d,l){\"use strict\";l.querySelector&&d.addEventListener&&\"undefined\"!=typeof URL&&(d.wp=d.wp||{},d.wp.receiveEmbedMessage||(d.wp.receiveEmbedMessage=function(e){var t=e.data;if((t||t.secret||t.message||t.value)&&!\/[^a-zA-Z0-9]\/.test(t.secret)){for(var s,r,n,a=l.querySelectorAll('iframe[data-secret=\"'+t.secret+'\"]'),o=l.querySelectorAll('blockquote[data-secret=\"'+t.secret+'\"]'),c=new RegExp(\"^https?:$\",\"i\"),i=0;i<o.length;i++)o[i].style.display=\"none\";for(i=0;i<a.length;i++)s=a[i],e.source===s.contentWindow&&(s.removeAttribute(\"style\"),\"height\"===t.message?(1e3<(r=parseInt(t.value,10))?r=1e3:~~r<200&&(r=200),s.height=r):\"link\"===t.message&&(r=new URL(s.getAttribute(\"src\")),n=new URL(t.value),c.test(n.protocol))&&n.host===r.host&&l.activeElement===s&&(d.top.location.href=t.value))}},d.addEventListener(\"message\",d.wp.receiveEmbedMessage,!1),l.addEventListener(\"DOMContentLoaded\",function(){for(var e,t,s=l.querySelectorAll(\"iframe.wp-embedded-content\"),r=0;r<s.length;r++)(t=(e=s[r]).getAttribute(\"data-secret\"))||(t=Math.random().toString(36).substring(2,12),e.src+=\"#?secret=\"+t,e.setAttribute(\"data-secret\",t)),e.contentWindow.postMessage({message:\"ready\",secret:t},\"*\")},!1)))}(window,document);\n\/* ]]> *\/\n<\/script>\n","thumbnail_url":"https:\/\/sydialogue.org\/wp-content\/uploads\/2021\/12\/tr030.jpg","thumbnail_width":2308,"thumbnail_height":1159,"description":"Birle\u015fmi\u015f Milletler&#8217;in 2019&#8217;un sonlar\u0131nda a\u00e7\u0131klad\u0131\u011f\u0131 Suriye Anayasa Komitesi, i\u00e7 \u00e7at\u0131\u015fmalarda benzersiz bir \u00f6rnek temsil etmi\u015ftir. Zira anayasa s\u00fcreci ilk kez siyasi anla\u015fman\u0131n \u00f6n\u00fcne ge\u00e7mi\u015f ve Anayasa Komitesi ilk kez Birle\u015fmi\u015f Milletler karar\u0131yla olu\u015fturulmu\u015ftu. Serinin birinci yay\u0131n\u0131nda Suriye durumunun siyasi s\u00fcrecindeki geli\u015fmeler incelenmi\u015f ve ikinci yay\u0131nda Suriye\u2019deki siyasi \u00e7\u00f6z\u00fcm\u00fcn konular\u0131na y\u00f6nelik uluslararas\u0131 \u00e7\u0131karlar\u0131n kesi\u015fmesi ara\u015ft\u0131r\u0131lm\u0131\u015ft\u0131r. Son &hellip;"}