{"id":2665,"date":"2020-11-09T16:30:56","date_gmt":"2020-11-09T13:30:56","guid":{"rendered":"https:\/\/center.ecertificated.xyz\/tiehome\/"},"modified":"2023-08-17T01:34:15","modified_gmt":"2023-08-16T22:34:15","slug":"tiehome","status":"publish","type":"page","link":"https:\/\/sydialogue.org\/tr\/","title":{"rendered":"Anasayfa"},"content":{"rendered":"","protected":false},"excerpt":{"rendered":"","protected":false},"author":1,"featured_media":0,"parent":0,"menu_order":0,"comment_status":"closed","ping_status":"closed","template":"","meta":{"_acf_changed":false,"footnotes":""},"class_list":["post-2665","page","type-page","status-publish","hentry"],"acf":[],"yoast_head":"<!-- This site is optimized with the Yoast SEO plugin v26.0 - https:\/\/yoast.com\/wordpress\/plugins\/seo\/ -->\n<title>Suriye Diyalog Merkezi<\/title>\n<meta name=\"description\" content=\"Suriye halk\u0131yla ilgili konularda diyalo\u011fu canland\u0131rmay\u0131 ve harekete ge\u00e7irmeyi hedefleyen, Suriyeliler aras\u0131ndaki i\u015fbirli\u011fi, koordinasyon ve ili\u015fkileri g\u00fc\u00e7lendirmeyi ama\u00e7layan bir Suriye Sivil Toplum Kurulu\u015fudur.\" \/>\n<meta name=\"robots\" content=\"index, follow, max-snippet:-1, max-image-preview:large, max-video-preview:-1\" \/>\n<link rel=\"canonical\" href=\"https:\/\/sydialogue.org\/tr\/\" \/>\n<meta property=\"og:locale\" content=\"tr_TR\" \/>\n<meta property=\"og:type\" content=\"article\" \/>\n<meta property=\"og:title\" content=\"Suriye Diyalog Merkezi\" \/>\n<meta property=\"og:description\" content=\"Suriye halk\u0131yla ilgili konularda diyalo\u011fu canland\u0131rmay\u0131 ve harekete ge\u00e7irmeyi hedefleyen, Suriyeliler aras\u0131ndaki i\u015fbirli\u011fi, koordinasyon ve ili\u015fkileri g\u00fc\u00e7lendirmeyi ama\u00e7layan bir Suriye Sivil Toplum Kurulu\u015fudur.\" \/>\n<meta property=\"og:url\" content=\"https:\/\/sydialogue.org\/tr\/\" \/>\n<meta property=\"og:site_name\" content=\"Suriye Diyalog Merkezi\" \/>\n<meta property=\"article:publisher\" content=\"https:\/\/www.facebook.com\/Sydialogue\" \/>\n<meta property=\"article:modified_time\" content=\"2023-08-16T22:34:15+00:00\" \/>\n<meta name=\"twitter:card\" content=\"summary_large_image\" \/>\n<meta name=\"twitter:site\" content=\"@Sydialogue\" \/>\n<script type=\"application\/ld+json\" class=\"yoast-schema-graph\">{\"@context\":\"https:\/\/schema.org\",\"@graph\":[{\"@type\":\"WebPage\",\"@id\":\"https:\/\/sydialogue.org\/tr\/\",\"url\":\"https:\/\/sydialogue.org\/tr\/\",\"name\":\"Suriye Diyalog Merkezi\",\"isPartOf\":{\"@id\":\"https:\/\/sydialogue.org\/tr\/#website\"},\"datePublished\":\"2020-11-09T13:30:56+00:00\",\"dateModified\":\"2023-08-16T22:34:15+00:00\",\"description\":\"Suriye halk\u0131yla ilgili konularda diyalo\u011fu canland\u0131rmay\u0131 ve harekete ge\u00e7irmeyi hedefleyen, Suriyeliler aras\u0131ndaki i\u015fbirli\u011fi, koordinasyon ve ili\u015fkileri g\u00fc\u00e7lendirmeyi ama\u00e7layan bir Suriye Sivil Toplum Kurulu\u015fudur.\",\"breadcrumb\":{\"@id\":\"https:\/\/sydialogue.org\/tr\/#breadcrumb\"},\"inLanguage\":\"tr\",\"potentialAction\":[{\"@type\":\"ReadAction\",\"target\":[\"https:\/\/sydialogue.org\/tr\/\"]}]},{\"@type\":\"BreadcrumbList\",\"@id\":\"https:\/\/sydialogue.org\/tr\/#breadcrumb\",\"itemListElement\":[{\"@type\":\"ListItem\",\"position\":1,\"name\":\"\u0627\u0644\u0631\u0626\u064a\u0633\u064a\u0629\",\"item\":\"https:\/\/sydialogue.org\/tr\/\"},{\"@type\":\"ListItem\",\"position\":2,\"name\":\"Anasayfa\"}]},{\"@type\":\"WebSite\",\"@id\":\"https:\/\/sydialogue.org\/tr\/#website\",\"url\":\"https:\/\/sydialogue.org\/tr\/\",\"name\":\"\u0645\u0631\u0643\u0632 \u0627\u0644\u062d\u0648\u0627\u0631 \u0627\u0644\u0633\u0648\u0631\u064a\",\"description\":\"Suriyeli bir sivil kurum, Suriye halk\u0131n\u0131 ilgilendiren konularda diyalo\u011fu canland\u0131rmay\u0131 ve harekete ge\u00e7irmeyi hedefliyor ve Suriyeliler aras\u0131nda ili\u015fkileri g\u00fc\u00e7lendirmeye ve i\u015fbirli\u011fi ve koordinasyonu harekete ge\u00e7irmeye \u00e7al\u0131\u015f\u0131yor.\",\"potentialAction\":[{\"@type\":\"SearchAction\",\"target\":{\"@type\":\"EntryPoint\",\"urlTemplate\":\"https:\/\/sydialogue.org\/tr\/?s={search_term_string}\"},\"query-input\":{\"@type\":\"PropertyValueSpecification\",\"valueRequired\":true,\"valueName\":\"search_term_string\"}}],\"inLanguage\":\"tr\"}]}<\/script>\n<!-- \/ Yoast SEO plugin. -->","yoast_head_json":{"title":"Suriye Diyalog Merkezi","description":"Suriye halk\u0131yla ilgili konularda diyalo\u011fu canland\u0131rmay\u0131 ve harekete ge\u00e7irmeyi hedefleyen, Suriyeliler aras\u0131ndaki i\u015fbirli\u011fi, koordinasyon ve ili\u015fkileri g\u00fc\u00e7lendirmeyi ama\u00e7layan bir Suriye Sivil Toplum Kurulu\u015fudur.","robots":{"index":"index","follow":"follow","max-snippet":"max-snippet:-1","max-image-preview":"max-image-preview:large","max-video-preview":"max-video-preview:-1"},"canonical":"https:\/\/sydialogue.org\/tr\/","og_locale":"tr_TR","og_type":"article","og_title":"Suriye Diyalog Merkezi","og_description":"Suriye halk\u0131yla ilgili konularda diyalo\u011fu canland\u0131rmay\u0131 ve harekete ge\u00e7irmeyi hedefleyen, Suriyeliler aras\u0131ndaki i\u015fbirli\u011fi, koordinasyon ve ili\u015fkileri g\u00fc\u00e7lendirmeyi ama\u00e7layan bir Suriye Sivil Toplum Kurulu\u015fudur.","og_url":"https:\/\/sydialogue.org\/tr\/","og_site_name":"Suriye Diyalog Merkezi","article_publisher":"https:\/\/www.facebook.com\/Sydialogue","article_modified_time":"2023-08-16T22:34:15+00:00","twitter_card":"summary_large_image","twitter_site":"@Sydialogue","schema":{"@context":"https:\/\/schema.org","@graph":[{"@type":"WebPage","@id":"https:\/\/sydialogue.org\/tr\/","url":"https:\/\/sydialogue.org\/tr\/","name":"Suriye Diyalog Merkezi","isPartOf":{"@id":"https:\/\/sydialogue.org\/tr\/#website"},"datePublished":"2020-11-09T13:30:56+00:00","dateModified":"2023-08-16T22:34:15+00:00","description":"Suriye halk\u0131yla ilgili konularda diyalo\u011fu canland\u0131rmay\u0131 ve harekete ge\u00e7irmeyi hedefleyen, Suriyeliler aras\u0131ndaki i\u015fbirli\u011fi, koordinasyon ve ili\u015fkileri g\u00fc\u00e7lendirmeyi ama\u00e7layan bir Suriye Sivil Toplum Kurulu\u015fudur.","breadcrumb":{"@id":"https:\/\/sydialogue.org\/tr\/#breadcrumb"},"inLanguage":"tr","potentialAction":[{"@type":"ReadAction","target":["https:\/\/sydialogue.org\/tr\/"]}]},{"@type":"BreadcrumbList","@id":"https:\/\/sydialogue.org\/tr\/#breadcrumb","itemListElement":[{"@type":"ListItem","position":1,"name":"\u0627\u0644\u0631\u0626\u064a\u0633\u064a\u0629","item":"https:\/\/sydialogue.org\/tr\/"},{"@type":"ListItem","position":2,"name":"Anasayfa"}]},{"@type":"WebSite","@id":"https:\/\/sydialogue.org\/tr\/#website","url":"https:\/\/sydialogue.org\/tr\/","name":"\u0645\u0631\u0643\u0632 \u0627\u0644\u062d\u0648\u0627\u0631 \u0627\u0644\u0633\u0648\u0631\u064a","description":"Suriyeli bir sivil kurum, Suriye halk\u0131n\u0131 ilgilendiren konularda diyalo\u011fu canland\u0131rmay\u0131 ve harekete ge\u00e7irmeyi hedefliyor ve Suriyeliler aras\u0131nda ili\u015fkileri g\u00fc\u00e7lendirmeye ve i\u015fbirli\u011fi ve koordinasyonu harekete ge\u00e7irmeye \u00e7al\u0131\u015f\u0131yor.","potentialAction":[{"@type":"SearchAction","target":{"@type":"EntryPoint","urlTemplate":"https:\/\/sydialogue.org\/tr\/?s={search_term_string}"},"query-input":{"@type":"PropertyValueSpecification","valueRequired":true,"valueName":"search_term_string"}}],"inLanguage":"tr"}]}},"_links":{"self":[{"href":"https:\/\/sydialogue.org\/tr\/wp-json\/wp\/v2\/pages\/2665","targetHints":{"allow":["GET"]}}],"collection":[{"href":"https:\/\/sydialogue.org\/tr\/wp-json\/wp\/v2\/pages"}],"about":[{"href":"https:\/\/sydialogue.org\/tr\/wp-json\/wp\/v2\/types\/page"}],"author":[{"embeddable":true,"href":"https:\/\/sydialogue.org\/tr\/wp-json\/wp\/v2\/users\/1"}],"replies":[{"embeddable":true,"href":"https:\/\/sydialogue.org\/tr\/wp-json\/wp\/v2\/comments?post=2665"}],"version-history":[{"count":1,"href":"https:\/\/sydialogue.org\/tr\/wp-json\/wp\/v2\/pages\/2665\/revisions"}],"predecessor-version":[{"id":2666,"href":"https:\/\/sydialogue.org\/tr\/wp-json\/wp\/v2\/pages\/2665\/revisions\/2666"}],"wp:attachment":[{"href":"https:\/\/sydialogue.org\/tr\/wp-json\/wp\/v2\/media?parent=2665"}],"curies":[{"name":"wp","href":"https:\/\/api.w.org\/{rel}","templated":true}]}}